{"id":52258,"date":"2022-09-19T12:42:26","date_gmt":"2022-09-19T10:42:26","guid":{"rendered":"https:\/\/wctt.pwr.edu.pl\/?post_type=event&#038;p=52258"},"modified":"2024-04-25T10:41:04","modified_gmt":"2024-04-25T08:41:04","slug":"oszczednosci-dzieki-innowacjom","status":"publish","type":"event","link":"https:\/\/wctt.pwr.edu.pl\/en\/wydarzenie\/oszczednosci-dzieki-innowacjom\/","title":{"rendered":"Szkolenie pt. &#8220;Ile mo\u017cna zaoszcz\u0119dzi\u0107 w M\u015aP na dzia\u0142alno\u015bci innowacyjnej?&#8221;"},"content":{"rendered":"<p>Szkolenie pt. \\\"Ile mo\\u017cna zaoszcz\\u0119dzi\\u0107 w M\\u015aP na dzia\\u0142alno\\u015bci innowacyjnej?\\\"\",\"label_pos\":\"above\",\"parentType\":\"hidden\",\"element_templates\":[\"hidden\",\"input\"],\"old_classname\":\"\",\"wrap_template\":\"wrap-no-label\"},{\"objectType\":\"Field\",\"objectDomain\":\"fields\",\"editActive\":false,\"order\":16,\"idAttribute\":\"id\",\"label\":\"Wy\\u015blij zg\\u0142oszenie\",\"key\":\"wyslij_zgloszenie\",\"type\":\"submit\",\"created_at\":\"2016-08-28 16:16:05\",\"processing_label\":\"Wysy\\u0142am\",\"container_class\":\"\",\"element_class\":\"\",\"field_label\":\"Wy\\u015blij zg\\u0142oszenie\",\"field_key\":\"wyslij_zgloszenie\",\"manual_key\":1,\"drawerDisabled\":\"\",\"admin_label\":\"\",\"id\":141,\"beforeField\":\"\",\"afterField\":\"\",\"value\":\"\",\"label_pos\":\"above\",\"parentType\":\"textbox\",\"element_templates\":[\"submit\",\"button\",\"input\"],\"old_classname\":\"\",\"wrap_template\":\"wrap-no-label\"}];nfForms.push(form);<\/script>\n        \n<p>Spotkanie jest bezp\u0142atne, liczba miejsc jest ograniczona, decyduje kolejno\u015b\u0107 zg\u0142osze\u0144.<\/p>\n<p><strong>Termin na przes\u0142anie zg\u0142oszenia:<\/strong> 07.10.2022 (pi\u0105tek), do godz. 12.00.<\/p>\n<p>&nbsp;<\/p>\n<p><strong>Agenda spotkania:<\/strong><\/p>\n<ul>\n<li>8.30 \u2013 9.00 Rejestracja na szkolenie, kawa na powitanie.<\/li>\n<li>9.0 \u2013 10.30 Om\u00f3wienie podstawowych zagadnie\u0144 cywilnoprawnych\n<ul>\n<li>W\u0142asno\u015b\u0107 intelektualna, know- how, prototyp, znak towarowy, wz\u00f3r przemys\u0142owy- zakres poj\u0119ciowy i prawny<\/li>\n<li>50% koszty uzyskania przychod\u00f3w dla tw\u00f3rczych pracownik\u00f3w<\/li>\n<\/ul>\n<\/li>\n<\/ul>\n<ul>\n<li>10.30 \u2013 10.45 Przerwa kawowa.<\/li>\n<li>10.45 \u2013 12.15 Prosta Sp\u00f3\u0142ka Akcyjna \u2013 Pomys\u0142 na wzmocnienie rozwoju start \u2013up\u00f3w ?\n<ul>\n<li>Ulga B+R<\/li>\n<li>Ulga innowacyjnych pracownik\u00f3w<\/li>\n<\/ul>\n<\/li>\n<\/ul>\n<ul>\n<li>12:15 \u2013 12:45 Przerwa kawowo \u2013 obiadowa.<\/li>\n<li>12.45 \u2013 14.30 Na czym jeszcze mo\u017cemy zaoszcz\u0119dzi\u0107?\n<ul>\n<li>Ulga na prototyp,<\/li>\n<li>Ulga na robotyzacj\u0119,<\/li>\n<li>Ulga IP BOX.<\/li>\n<\/ul>\n<\/li>\n<\/ul>\n<ul>\n<li>14.30 Podsumowanie spotkania.<\/li>\n<\/ul>\n<p><strong>Eksperci prowadz\u0105cy szkolenie:<\/strong><\/p>\n<p><b>MONIKA MUCHA<\/b>&#8211; doradca podatkowy, cz\u0142onek zarza\u0328du Taxa Group, Sp\u00f3\u0142ki doradztwa podatkowego. Doktor nauk prawnych, doradca podatkowy z ponad 20 letnim do\u015bwiadczeniem zawodowym. Autor ponad 100 publikacji ksi\u0105\u017ckowych i artyku\u0142\u00f3w w renomowanych czasopismach podatkowych. Trener, szkoleniowiec, wyk\u0142adowca, redaktor naczelna \u201ePodatki w sektorze publicznym\u201d. Specjalizacja &#8211; reorganizacja firm, struktury sp\u00f3\u0142ek w grupie, ulgi podatkowe.<\/p>\n<p><strong>MARZENA ZDYRKO-WO\u0179NIAK<\/strong>&#8211; radca prawny, cz\u0142onek Okr\u0119gowej Izby Radc\u00f3w Prawnych we Wroc\u0142awiu (nr wpisu 2655), w\u0142a\u015bciciel Kancelarii Prawnej \u015bwiadcz\u0105cej pomoc prawn\u0105 dla biznesu. Absolwentka Wydzia\u0142u Prawa i Administracji Uniwersytetu Wroc\u0142awskiego, Uniwersytetu Jagiello\u0144skiego w Krakowie. Cz\u0142onek Komisji ds. Promocji zawodu, komunikacji i medi\u00f3w w OIRP we Wroc\u0142awiu, szkoleniowiec. Specjalizacja- prawo handlowe (zak\u0142adanie sp\u00f3\u0142ek, przekszta\u0142cenia, aporty, wydzielanie ZCP \u2013 \u00f3w), prawo um\u00f3w (opiniowanie i sporz\u0105dzanie), w\u0142asno\u015b\u0107 intelektualna (znaki towarowe, wzory przemys\u0142owe, zwalczanie nieuczciwej konkurencji).<\/p>\n<p>Zapraszamy do uczestnictwa!<\/p>","protected":false},"excerpt":{"rendered":"<p class=\"qtranxs-available-languages-message qtranxs-available-languages-message-en\">Sorry, this entry is only available in <a href=\"https:\/\/wctt.pwr.edu.pl\/pl\/wp-json\/wp\/v2\/event\/52258\" class=\"qtranxs-available-language-link qtranxs-available-language-link-pl\" title=\"Polski\">Polski<\/a>.<\/p>\n","protected":false},"author":47,"featured_media":52262,"template":"","class_list":["post-52258","event","type-event","status-publish","has-post-thumbnail","hentry","event_categories-dla-firm-archiwalne","event_categories-archiwalne"],"acf":[],"uagb_featured_image_src":{"full":["https:\/\/wctt.pwr.edu.pl\/wp-content\/uploads\/2022\/09\/miniatura-1.jpg",800,600,false],"thumbnail":["https:\/\/wctt.pwr.edu.pl\/wp-content\/uploads\/2022\/09\/miniatura-1-150x150.jpg",150,150,true],"medium":["https:\/\/wctt.pwr.edu.pl\/wp-content\/uploads\/2022\/09\/miniatura-1-300x225.jpg",300,225,true],"medium_large":["https:\/\/wctt.pwr.edu.pl\/wp-content\/uploads\/2022\/09\/miniatura-1-768x576.jpg",640,480,true],"large":["https:\/\/wctt.pwr.edu.pl\/wp-content\/uploads\/2022\/09\/miniatura-1.jpg",640,480,false],"1536x1536":["https:\/\/wctt.pwr.edu.pl\/wp-content\/uploads\/2022\/09\/miniatura-1.jpg",800,600,false],"2048x2048":["https:\/\/wctt.pwr.edu.pl\/wp-content\/uploads\/2022\/09\/miniatura-1.jpg",800,600,false]},"uagb_author_info":{"display_name":"Magdalena Kasza","author_link":"https:\/\/wctt.pwr.edu.pl\/en\/author\/magkas\/"},"uagb_comment_info":0,"uagb_excerpt":"Sorry, this entry is only available in Polski.","publishpress_future_action":{"enabled":false,"date":"2026-05-07 06:17:23","action":"category","newStatus":"draft","terms":[],"taxonomy":"event_categories","extraData":[]},"publishpress_future_workflow_manual_trigger":{"enabledWorkflows":[]},"_links":{"self":[{"href":"https:\/\/wctt.pwr.edu.pl\/en\/wp-json\/wp\/v2\/event\/52258","targetHints":{"allow":["GET"]}}],"collection":[{"href":"https:\/\/wctt.pwr.edu.pl\/en\/wp-json\/wp\/v2\/event"}],"about":[{"href":"https:\/\/wctt.pwr.edu.pl\/en\/wp-json\/wp\/v2\/types\/event"}],"author":[{"embeddable":true,"href":"https:\/\/wctt.pwr.edu.pl\/en\/wp-json\/wp\/v2\/users\/47"}],"version-history":[{"count":0,"href":"https:\/\/wctt.pwr.edu.pl\/en\/wp-json\/wp\/v2\/event\/52258\/revisions"}],"wp:featuredmedia":[{"embeddable":true,"href":"https:\/\/wctt.pwr.edu.pl\/en\/wp-json\/wp\/v2\/media\/52262"}],"wp:attachment":[{"href":"https:\/\/wctt.pwr.edu.pl\/en\/wp-json\/wp\/v2\/media?parent=52258"}],"curies":[{"name":"wp","href":"https:\/\/api.w.org\/{rel}","templated":true}]}}